{"id":57,"date":"2025-09-01T06:52:53","date_gmt":"2025-09-01T06:52:53","guid":{"rendered":"https:\/\/pathyogaintegral.com\/?page_id=57"},"modified":"2025-09-03T07:48:48","modified_gmt":"2025-09-03T07:48:48","slug":"front-page","status":"publish","type":"page","link":"https:\/\/pathyogaintegral.com\/es\/","title":{"rendered":"Front page"},"content":{"rendered":"\t\t<div data-elementor-type=\"wp-page\" data-elementor-id=\"57\" class=\"elementor elementor-57\" data-elementor-post-type=\"page\">\n\t\t\t\t<div class=\"elementor-element elementor-element-468aba4 e-con-full e-flex e-con e-parent\" data-id=\"468aba4\" data-element_type=\"container\">\n\t\t<div class=\"elementor-element elementor-element-aba7297 e-flex e-con-boxed e-con e-child\" data-id=\"aba7297\" data-element_type=\"container\" data-settings=\"{&quot;background_background&quot;:&quot;classic&quot;}\">\n\t\t\t\t\t<div class=\"e-con-inner\">\n\t\t\t\t<div class=\"elementor-element elementor-element-2eec056 elementor-widget elementor-widget-image\" data-id=\"2eec056\" data-element_type=\"widget\" data-widget_type=\"image.default\">\n\t\t\t\t<div class=\"elementor-widget-container\">\n\t\t\t\t\t\t\t\t\t\t\t\t\t\t\t<img fetchpriority=\"high\" decoding=\"async\" width=\"1920\" height=\"835\" src=\"https:\/\/pathyogaintegral.com\/wp-content\/uploads\/2025\/09\/01-Cabecera-1920px.jpg\" class=\"attachment-full size-full wp-image-93\" alt=\"Mujer practicando yoga integral al atardecer en la playa de San Sebasti\u00e1n\" srcset=\"https:\/\/pathyogaintegral.com\/wp-content\/uploads\/2025\/09\/01-Cabecera-1920px.jpg 1920w, https:\/\/pathyogaintegral.com\/wp-content\/uploads\/2025\/09\/01-Cabecera-1920px-300x130.jpg 300w, https:\/\/pathyogaintegral.com\/wp-content\/uploads\/2025\/09\/01-Cabecera-1920px-1024x445.jpg 1024w, https:\/\/pathyogaintegral.com\/wp-content\/uploads\/2025\/09\/01-Cabecera-1920px-768x334.jpg 768w, https:\/\/pathyogaintegral.com\/wp-content\/uploads\/2025\/09\/01-Cabecera-1920px-1536x668.jpg 1536w\" sizes=\"(max-width: 1920px) 100vw, 1920px\" \/>\t\t\t\t\t\t\t\t\t\t\t\t\t\t\t<\/div>\n\t\t\t\t<\/div>\n\t\t\t\t\t<\/div>\n\t\t\t\t<\/div>\n\t\t\t\t<\/div>\n\t\t<div class=\"elementor-element elementor-element-9b53842 e-con-full e-flex e-con e-parent\" data-id=\"9b53842\" data-element_type=\"container\">\n\t\t<div class=\"elementor-element elementor-element-5218877 e-flex e-con-boxed e-con e-child\" data-id=\"5218877\" data-element_type=\"container\">\n\t\t\t\t\t<div class=\"e-con-inner\">\n\t\t\t\t<div class=\"elementor-element elementor-element-2ea935c elementor-widget elementor-widget-heading\" data-id=\"2ea935c\" data-element_type=\"widget\" data-widget_type=\"heading.default\">\n\t\t\t\t<div class=\"elementor-widget-container\">\n\t\t\t\t\t<h1 class=\"elementor-heading-title elementor-size-default\">Pathyoga integral<\/h1>\t\t\t\t<\/div>\n\t\t\t\t<\/div>\n\t\t\t\t<div class=\"elementor-element elementor-element-5c44a75 elementor-widget elementor-widget-heading\" data-id=\"5c44a75\" data-element_type=\"widget\" data-widget_type=\"heading.default\">\n\t\t\t\t<div class=\"elementor-widget-container\">\n\t\t\t\t\t<h2 class=\"elementor-heading-title elementor-size-default\">Un camino de vuelta a ti<\/h2>\t\t\t\t<\/div>\n\t\t\t\t<\/div>\n\t\t\t\t<div class=\"elementor-element elementor-element-cf0d641 elementor-widget elementor-widget-text-editor\" data-id=\"cf0d641\" data-element_type=\"widget\" data-widget_type=\"text-editor.default\">\n\t\t\t\t<div class=\"elementor-widget-container\">\n\t\t\t\t\t\t\t\t\t<p>Bienvenida\/o a PathYoga Integral.<\/p><p>Este es un lugar donde parar, respirar y emprender un camino hacia dentro.<br \/>Un camino que nutre cuerpo, mente y coraz\u00f3n, desde una pr\u00e1ctica consciente y respetuosa contigo.<\/p><p>Honramos la tradici\u00f3n del Yoga Integral, adapt\u00e1ndola con sensibilidad a lo que necesitas en tu d\u00eda a d\u00eda.<\/p><p>En PathYoga Integral creemos que cada persona guarda en s\u00ed misma una sabidur\u00eda profunda.<\/p><p>El yoga es una herramienta para escucharla, para reencontrarte contigo y vivir con m\u00e1s presencia, conexi\u00f3n y plenitud.<\/p>\t\t\t\t\t\t\t\t<\/div>\n\t\t\t\t<\/div>\n\t\t\t\t\t<\/div>\n\t\t\t\t<\/div>\n\t\t\t\t<\/div>\n\t\t<div class=\"elementor-element elementor-element-8dd0c74 e-flex e-con-boxed e-con e-parent\" data-id=\"8dd0c74\" data-element_type=\"container\" id=\"quien-soy\">\n\t\t\t\t\t<div class=\"e-con-inner\">\n\t\t<div class=\"elementor-element elementor-element-8de133f e-con-full e-flex e-con e-child\" data-id=\"8de133f\" data-element_type=\"container\" data-settings=\"{&quot;background_background&quot;:&quot;classic&quot;}\">\n\t\t<div class=\"elementor-element elementor-element-7209d21 e-con-full e-flex e-con e-child\" data-id=\"7209d21\" data-element_type=\"container\">\n\t\t\t\t<div class=\"elementor-element elementor-element-c95f140 elementor-widget elementor-widget-heading\" data-id=\"c95f140\" data-element_type=\"widget\" data-widget_type=\"heading.default\">\n\t\t\t\t<div class=\"elementor-widget-container\">\n\t\t\t\t\t<h2 class=\"elementor-heading-title elementor-size-default\">Mi camino con el Yoga Integral<\/h2>\t\t\t\t<\/div>\n\t\t\t\t<\/div>\n\t\t\t\t<\/div>\n\t\t<div class=\"elementor-element elementor-element-7d68aaa e-con-full elementor-hidden-tablet elementor-hidden-mobile e-flex e-con e-child\" data-id=\"7d68aaa\" data-element_type=\"container\">\n\t\t<div class=\"elementor-element elementor-element-fc35800 e-con-full img-izquierda e-flex e-con e-child\" data-id=\"fc35800\" data-element_type=\"container\" data-settings=\"{&quot;background_background&quot;:&quot;classic&quot;}\">\n\t\t\t\t<div class=\"elementor-element elementor-element-14d0e12 elementor-absolute elementor-widget elementor-widget-image\" data-id=\"14d0e12\" data-element_type=\"widget\" data-settings=\"{&quot;_position&quot;:&quot;absolute&quot;}\" data-widget_type=\"image.default\">\n\t\t\t\t<div class=\"elementor-widget-container\">\n\t\t\t\t\t\t\t\t\t\t\t\t\t\t\t<img decoding=\"async\" src=\"https:\/\/pathyogaintegral.com\/wp-content\/uploads\/elementor\/thumbs\/03-Patricia-rb3vstkggwxm4ml58xebnp6a28xu38lm4wt0y929vs.jpg\" title=\"Patricia\" alt=\"Profesora en clase\" loading=\"lazy\" \/>\t\t\t\t\t\t\t\t\t\t\t\t\t\t\t<\/div>\n\t\t\t\t<\/div>\n\t\t\t\t<div class=\"elementor-element elementor-element-f647b23 elementor-widget elementor-widget-image\" data-id=\"f647b23\" data-element_type=\"widget\" data-widget_type=\"image.default\">\n\t\t\t\t<div class=\"elementor-widget-container\">\n\t\t\t\t\t\t\t\t\t\t\t\t\t\t\t<img decoding=\"async\" src=\"https:\/\/pathyogaintegral.com\/wp-content\/uploads\/elementor\/thumbs\/02-Estudio-Pathyoga-rb3vstklhlhrznp2eoa4sfuw7xldlxoj3dpqk3wtok.jpg\" title=\"Estudio-Pathyoga\" alt=\"Estudio preparado para clase\" loading=\"lazy\" \/>\t\t\t\t\t\t\t\t\t\t\t\t\t\t\t<\/div>\n\t\t\t\t<\/div>\n\t\t\t\t<\/div>\n\t\t<div class=\"elementor-element elementor-element-c650604 e-con-full e-flex e-con e-child\" data-id=\"c650604\" data-element_type=\"container\">\n\t\t\t\t<div class=\"elementor-element elementor-element-611ff0a elementor-widget elementor-widget-text-editor\" data-id=\"611ff0a\" data-element_type=\"widget\" data-widget_type=\"text-editor.default\">\n\t\t\t\t<div class=\"elementor-widget-container\">\n\t\t\t\t\t\t\t\t\t<p>Soy Patricia, educadora social y profesora de Yoga Integral.<\/p><p>Mi historia con el yoga empez\u00f3 hace m\u00e1s de 20 a\u00f1os, en un momento de mi vida especialmente dif\u00edcil. Fue entonces cuando descubr\u00ed esta pr\u00e1ctica milenaria no solo como una forma de cuidarme, sino como un verdadero refugio y motor de transformaci\u00f3n. El yoga me ayud\u00f3 a mirar hacia dentro, a reconectar conmigo misma y a entender mejor mi lugar en el mundo.<\/p><p>Ese encuentro tan profundo me llev\u00f3, con el tiempo, a formarme como profesora de Yoga Integral en la Escuela Mahashakti, con el deseo de compartir este camino con otras personas.<\/p>\t\t\t\t\t\t\t\t<\/div>\n\t\t\t\t<\/div>\n\t\t\t\t<\/div>\n\t\t\t\t<\/div>\n\t\t<div class=\"elementor-element elementor-element-b8b8e44 e-con-full elementor-hidden-desktop e-flex e-con e-child\" data-id=\"b8b8e44\" data-element_type=\"container\">\n\t\t<div class=\"elementor-element elementor-element-82412bb e-con-full e-flex e-con e-child\" data-id=\"82412bb\" data-element_type=\"container\" data-settings=\"{&quot;background_background&quot;:&quot;classic&quot;}\">\n\t\t\t\t<div class=\"elementor-element elementor-element-50a548d elementor-widget elementor-widget-image\" data-id=\"50a548d\" data-element_type=\"widget\" data-widget_type=\"image.default\">\n\t\t\t\t<div class=\"elementor-widget-container\">\n\t\t\t\t\t\t\t\t\t\t\t\t\t\t\t<img decoding=\"async\" src=\"https:\/\/pathyogaintegral.com\/wp-content\/uploads\/elementor\/thumbs\/03-Patricia-rb3vstkggwxm4ml58xebnp6a28xu38lm4wt0y929vs.jpg\" title=\"Patricia\" alt=\"Profesora en clase\" loading=\"lazy\" \/>\t\t\t\t\t\t\t\t\t\t\t\t\t\t\t<\/div>\n\t\t\t\t<\/div>\n\t\t\t\t<div class=\"elementor-element elementor-element-b1f24ac elementor-widget elementor-widget-image\" data-id=\"b1f24ac\" data-element_type=\"widget\" data-widget_type=\"image.default\">\n\t\t\t\t<div class=\"elementor-widget-container\">\n\t\t\t\t\t\t\t\t\t\t\t\t\t\t\t<img decoding=\"async\" src=\"https:\/\/pathyogaintegral.com\/wp-content\/uploads\/elementor\/thumbs\/02-Estudio-Pathyoga-rb3vstklhlhrznp2eoa4sfuw7xldlxoj3dpqk3wtok.jpg\" title=\"Estudio-Pathyoga\" alt=\"Estudio preparado para clase\" loading=\"lazy\" \/>\t\t\t\t\t\t\t\t\t\t\t\t\t\t\t<\/div>\n\t\t\t\t<\/div>\n\t\t\t\t<\/div>\n\t\t<div class=\"elementor-element elementor-element-f746442 e-con-full e-flex e-con e-child\" data-id=\"f746442\" data-element_type=\"container\">\n\t\t\t\t<div class=\"elementor-element elementor-element-43e4300 elementor-widget elementor-widget-text-editor\" data-id=\"43e4300\" data-element_type=\"widget\" data-widget_type=\"text-editor.default\">\n\t\t\t\t<div class=\"elementor-widget-container\">\n\t\t\t\t\t\t\t\t\t<p>Soy Patricia, educadora social y profesora de Yoga Integral.<\/p><p>Mi historia con el yoga empez\u00f3 hace m\u00e1s de 20 a\u00f1os, en un momento de mi vida especialmente dif\u00edcil. Fue entonces cuando descubr\u00ed esta pr\u00e1ctica milenaria no solo como una forma de cuidarme, sino como un verdadero refugio y motor de transformaci\u00f3n. El yoga me ayud\u00f3 a mirar hacia dentro, a reconectar conmigo misma y a entender mejor mi lugar en el mundo.<\/p><p>Ese encuentro tan profundo me llev\u00f3, con el tiempo, a formarme como profesora de Yoga Integral en la Escuela Mahashakti, con el deseo de compartir este camino con otras personas.<\/p>\t\t\t\t\t\t\t\t<\/div>\n\t\t\t\t<\/div>\n\t\t\t\t<\/div>\n\t\t\t\t<\/div>\n\t\t<div class=\"elementor-element elementor-element-0031301 e-con-full e-flex e-con e-child\" data-id=\"0031301\" data-element_type=\"container\">\n\t\t<div class=\"elementor-element elementor-element-3a292a2 e-con-full e-flex e-con e-child\" data-id=\"3a292a2\" data-element_type=\"container\">\n\t\t\t\t<div class=\"elementor-element elementor-element-9169e87 elementor-widget elementor-widget-text-editor\" data-id=\"9169e87\" data-element_type=\"widget\" data-widget_type=\"text-editor.default\">\n\t\t\t\t<div class=\"elementor-widget-container\">\n\t\t\t\t\t\t\t\t\t<p>A lo largo de mi recorrido profesional, he trabajado m\u00e1s de diez a\u00f1os como educadora social, acompa\u00f1ando a familias en contextos de vulnerabilidad y sosteniendo procesos llenos de humanidad y escucha.<br \/>Al mismo tiempo, me he ido formando en Terapia Gestalt y en diferentes \u00e1reas vinculadas a la psicolog\u00eda, el crecimiento personal y el bienestar emocional.<\/p><p>En los \u00faltimos a\u00f1os, mi camino se ha ido orientando hacia la Neurociencia del Yoga y el movimiento consciente, una mirada que enriquece profundamente mi manera de entender y transmitir esta pr\u00e1ctica.<\/p><p>Para m\u00ed, el yoga no es solo algo que se practica con el cuerpo. Es un camino de transformaci\u00f3n, una v\u00eda para despertar la consciencia y habitar con m\u00e1s calma y claridad nuestro mundo interior. Cuando cultivamos una relaci\u00f3n m\u00e1s amable con nosotras mismas y con nuestro cuerpo, tambi\u00e9n cambia \u2014de forma natural\u2014 la manera en que nos relacionamos con lo que nos rodea.<\/p>\t\t\t\t\t\t\t\t<\/div>\n\t\t\t\t<\/div>\n\t\t\t\t<\/div>\n\t\t<div class=\"elementor-element elementor-element-5a43d12 e-con-full img-derecha e-flex e-con e-child\" data-id=\"5a43d12\" data-element_type=\"container\" data-settings=\"{&quot;background_background&quot;:&quot;classic&quot;}\">\n\t\t\t\t<div class=\"elementor-element elementor-element-6e6e698 elementor-widget elementor-widget-image\" data-id=\"6e6e698\" data-element_type=\"widget\" data-widget_type=\"image.default\">\n\t\t\t\t<div class=\"elementor-widget-container\">\n\t\t\t\t\t\t\t\t\t\t\t\t\t\t\t<img decoding=\"async\" src=\"https:\/\/pathyogaintegral.com\/wp-content\/uploads\/elementor\/thumbs\/04-Mi-Camino-Patricia-rb3vstklhlhrznp2eoa4sfuw7xldlxoj3dpqk3wtok.jpg\" title=\"Mi-Camino-Patricia\" alt=\"Yoga la aire libre\" loading=\"lazy\" \/>\t\t\t\t\t\t\t\t\t\t\t\t\t\t\t<\/div>\n\t\t\t\t<\/div>\n\t\t\t\t<\/div>\n\t\t\t\t<\/div>\n\t\t\t\t<\/div>\n\t\t<div class=\"elementor-element elementor-element-316ca27 e-con-full e-flex e-con e-child\" data-id=\"316ca27\" data-element_type=\"container\" data-settings=\"{&quot;background_background&quot;:&quot;classic&quot;}\">\n\t\t\t\t<div class=\"elementor-element elementor-element-593caaf elementor-widget elementor-widget-image\" data-id=\"593caaf\" data-element_type=\"widget\" data-widget_type=\"image.default\">\n\t\t\t\t<div class=\"elementor-widget-container\">\n\t\t\t\t\t\t\t\t\t\t\t\t\t\t\t<img decoding=\"async\" width=\"96\" height=\"56\" src=\"https:\/\/pathyogaintegral.com\/wp-content\/uploads\/2025\/09\/Grupo-700.png\" class=\"attachment-large size-large wp-image-201\" alt=\"\" \/>\t\t\t\t\t\t\t\t\t\t\t\t\t\t\t<\/div>\n\t\t\t\t<\/div>\n\t\t\t\t<div class=\"elementor-element elementor-element-1e2208d elementor-widget elementor-widget-heading\" data-id=\"1e2208d\" data-element_type=\"widget\" data-widget_type=\"heading.default\">\n\t\t\t\t<div class=\"elementor-widget-container\">\n\t\t\t\t\t<h2 class=\"elementor-heading-title elementor-size-default\">MI PROP\u00d3SITO<\/h2>\t\t\t\t<\/div>\n\t\t\t\t<\/div>\n\t\t<div class=\"elementor-element elementor-element-d74233f e-con-full e-flex e-con e-child\" data-id=\"d74233f\" data-element_type=\"container\">\n\t\t\t\t<div class=\"elementor-element elementor-element-ee997ea elementor-widget elementor-widget-text-editor\" data-id=\"ee997ea\" data-element_type=\"widget\" data-widget_type=\"text-editor.default\">\n\t\t\t\t<div class=\"elementor-widget-container\">\n\t\t\t\t\t\t\t\t\t<p>Hoy siento con claridad que mi prop\u00f3sito es seguir acompa\u00f1ando a las personas en sus procesos personales y vitales.<br \/>Durante muchos a\u00f1os lo hice desde mi rol como educadora, y ahora siento que es el momento de ofrecer lo que he ido aprendiendo desde otro lugar.<\/p>\t\t\t\t\t\t\t\t<\/div>\n\t\t\t\t<\/div>\n\t\t\t\t<div class=\"elementor-element elementor-element-6fa6887 elementor-widget elementor-widget-text-editor\" data-id=\"6fa6887\" data-element_type=\"widget\" data-widget_type=\"text-editor.default\">\n\t\t\t\t<div class=\"elementor-widget-container\">\n\t\t\t\t\t\t\t\t\t<p>Quiero compartir herramientas pr\u00e1cticas y la sabidur\u00eda del yoga como un puente hacia el crecimiento, el equilibrio y esa paz interior que todas y todos anhelamos y merecemos.<\/p>\t\t\t\t\t\t\t\t<\/div>\n\t\t\t\t<\/div>\n\t\t\t\t<\/div>\n\t\t\t\t<\/div>\n\t\t\t\t\t<\/div>\n\t\t\t\t<\/div>\n\t\t<div class=\"elementor-element elementor-element-6f9baa2 e-con-full e-flex e-con e-parent\" data-id=\"6f9baa2\" data-element_type=\"container\">\n\t\t<div class=\"elementor-element elementor-element-df0f286 e-flex e-con-boxed e-con e-child\" data-id=\"df0f286\" data-element_type=\"container\">\n\t\t\t\t\t<div class=\"e-con-inner\">\n\t\t<div class=\"elementor-element elementor-element-22b0552 e-con-full e-flex e-con e-child\" data-id=\"22b0552\" data-element_type=\"container\" data-settings=\"{&quot;background_background&quot;:&quot;classic&quot;}\">\n\t\t<div class=\"elementor-element elementor-element-90fa68d e-con-full e-flex e-con e-child\" data-id=\"90fa68d\" data-element_type=\"container\" data-settings=\"{&quot;background_background&quot;:&quot;classic&quot;}\">\n\t\t\t\t<div class=\"elementor-element elementor-element-c73d9c8 elementor-widget elementor-widget-image\" data-id=\"c73d9c8\" data-element_type=\"widget\" data-widget_type=\"image.default\">\n\t\t\t\t<div class=\"elementor-widget-container\">\n\t\t\t\t\t\t\t\t\t\t\t\t\t\t\t<img decoding=\"async\" width=\"600\" height=\"1011\" src=\"https:\/\/pathyogaintegral.com\/wp-content\/uploads\/2025\/09\/05-Galeria-Estudio-1.jpg\" class=\"attachment-full size-full wp-image-97\" alt=\"Clase grupal para grupo reducido\" srcset=\"https:\/\/pathyogaintegral.com\/wp-content\/uploads\/2025\/09\/05-Galeria-Estudio-1.jpg 600w, https:\/\/pathyogaintegral.com\/wp-content\/uploads\/2025\/09\/05-Galeria-Estudio-1-178x300.jpg 178w\" sizes=\"(max-width: 600px) 100vw, 600px\" \/>\t\t\t\t\t\t\t\t\t\t\t\t\t\t\t<\/div>\n\t\t\t\t<\/div>\n\t\t\t\t<\/div>\n\t\t\t\t<\/div>\n\t\t<div class=\"elementor-element elementor-element-930db24 e-con-full e-flex e-con e-child\" data-id=\"930db24\" data-element_type=\"container\">\n\t\t<div class=\"elementor-element elementor-element-9efc413 e-con-full e-flex e-con e-child\" data-id=\"9efc413\" data-element_type=\"container\" data-settings=\"{&quot;background_background&quot;:&quot;classic&quot;}\">\n\t\t\t\t<div class=\"elementor-element elementor-element-b000a89 elementor-widget elementor-widget-image\" data-id=\"b000a89\" data-element_type=\"widget\" data-widget_type=\"image.default\">\n\t\t\t\t<div class=\"elementor-widget-container\">\n\t\t\t\t\t\t\t\t\t\t\t\t\t\t\t<img loading=\"lazy\" decoding=\"async\" width=\"600\" height=\"564\" src=\"https:\/\/pathyogaintegral.com\/wp-content\/uploads\/2025\/09\/06-Galeria-Estudio-2.jpg\" class=\"attachment-full size-full wp-image-98\" alt=\"Clase para grupo grande\" srcset=\"https:\/\/pathyogaintegral.com\/wp-content\/uploads\/2025\/09\/06-Galeria-Estudio-2.jpg 600w, https:\/\/pathyogaintegral.com\/wp-content\/uploads\/2025\/09\/06-Galeria-Estudio-2-300x282.jpg 300w\" sizes=\"(max-width: 600px) 100vw, 600px\" \/>\t\t\t\t\t\t\t\t\t\t\t\t\t\t\t<\/div>\n\t\t\t\t<\/div>\n\t\t\t\t<\/div>\n\t\t<div class=\"elementor-element elementor-element-562b58b e-con-full e-flex e-con e-child\" data-id=\"562b58b\" data-element_type=\"container\" data-settings=\"{&quot;background_background&quot;:&quot;classic&quot;}\">\n\t\t\t\t<div class=\"elementor-element elementor-element-9bfd0f3 elementor-widget elementor-widget-image\" data-id=\"9bfd0f3\" data-element_type=\"widget\" data-widget_type=\"image.default\">\n\t\t\t\t<div class=\"elementor-widget-container\">\n\t\t\t\t\t\t\t\t\t\t\t\t\t\t\t<img loading=\"lazy\" decoding=\"async\" width=\"600\" height=\"400\" src=\"https:\/\/pathyogaintegral.com\/wp-content\/uploads\/2025\/09\/07-Galeria-Estudio-3.jpg\" class=\"attachment-full size-full wp-image-99\" alt=\"Armario de madera con material de yoga\" srcset=\"https:\/\/pathyogaintegral.com\/wp-content\/uploads\/2025\/09\/07-Galeria-Estudio-3.jpg 600w, https:\/\/pathyogaintegral.com\/wp-content\/uploads\/2025\/09\/07-Galeria-Estudio-3-300x200.jpg 300w\" sizes=\"(max-width: 600px) 100vw, 600px\" \/>\t\t\t\t\t\t\t\t\t\t\t\t\t\t\t<\/div>\n\t\t\t\t<\/div>\n\t\t\t\t<\/div>\n\t\t\t\t<\/div>\n\t\t<div class=\"elementor-element elementor-element-7e055d6 e-con-full e-flex e-con e-child\" data-id=\"7e055d6\" data-element_type=\"container\">\n\t\t<div class=\"elementor-element elementor-element-8381835 e-con-full e-flex e-con e-child\" data-id=\"8381835\" data-element_type=\"container\" data-settings=\"{&quot;background_background&quot;:&quot;classic&quot;}\">\n\t\t\t\t<div class=\"elementor-element elementor-element-cbc2d19 elementor-widget elementor-widget-image\" data-id=\"cbc2d19\" data-element_type=\"widget\" data-widget_type=\"image.default\">\n\t\t\t\t<div class=\"elementor-widget-container\">\n\t\t\t\t\t\t\t\t\t\t\t\t\t\t\t<img loading=\"lazy\" decoding=\"async\" width=\"600\" height=\"1011\" src=\"https:\/\/pathyogaintegral.com\/wp-content\/uploads\/2025\/09\/08-Galeria-Estudio-4.jpg\" class=\"attachment-full size-full wp-image-100\" alt=\"Clase en bajo con escaleras\" srcset=\"https:\/\/pathyogaintegral.com\/wp-content\/uploads\/2025\/09\/08-Galeria-Estudio-4.jpg 600w, https:\/\/pathyogaintegral.com\/wp-content\/uploads\/2025\/09\/08-Galeria-Estudio-4-178x300.jpg 178w\" sizes=\"(max-width: 600px) 100vw, 600px\" \/>\t\t\t\t\t\t\t\t\t\t\t\t\t\t\t<\/div>\n\t\t\t\t<\/div>\n\t\t\t\t<\/div>\n\t\t\t\t<\/div>\n\t\t\t\t\t<\/div>\n\t\t\t\t<\/div>\n\t\t\t\t<\/div>\n\t\t<div class=\"elementor-element elementor-element-4b3314e e-con-full e-flex e-con e-parent\" data-id=\"4b3314e\" data-element_type=\"container\" id=\"servicios\">\n\t\t<div class=\"elementor-element elementor-element-2a08652 e-flex e-con-boxed e-con e-child\" data-id=\"2a08652\" data-element_type=\"container\">\n\t\t\t\t\t<div class=\"e-con-inner\">\n\t\t<div class=\"elementor-element elementor-element-a16d822 e-flex e-con-boxed e-con e-child\" data-id=\"a16d822\" data-element_type=\"container\">\n\t\t\t\t\t<div class=\"e-con-inner\">\n\t\t\t\t<div class=\"elementor-element elementor-element-8ca6c6a elementor-widget elementor-widget-text-editor\" data-id=\"8ca6c6a\" data-element_type=\"widget\" data-widget_type=\"text-editor.default\">\n\t\t\t\t<div class=\"elementor-widget-container\">\n\t\t\t\t\t\t\t\t\t<p>Pr\u00e1cticas y programas <br \/>de Yoga Integral para tu bienestar<\/p>\t\t\t\t\t\t\t\t<\/div>\n\t\t\t\t<\/div>\n\t\t\t\t\t<\/div>\n\t\t\t\t<\/div>\n\t\t\t\t\t<\/div>\n\t\t\t\t<\/div>\n\t\t<div class=\"elementor-element elementor-element-2584919 e-flex e-con-boxed e-con e-child\" data-id=\"2584919\" data-element_type=\"container\">\n\t\t\t\t\t<div class=\"e-con-inner\">\n\t\t<div class=\"elementor-element elementor-element-9f6f08c e-con-full e-flex e-con e-child\" data-id=\"9f6f08c\" data-element_type=\"container\">\n\t\t\t\t<div class=\"elementor-element elementor-element-c493d35 elementor-widget elementor-widget-heading\" data-id=\"c493d35\" data-element_type=\"widget\" data-widget_type=\"heading.default\">\n\t\t\t\t<div class=\"elementor-widget-container\">\n\t\t\t\t\t<h2 class=\"elementor-heading-title elementor-size-default\">CLASES GRUPALES<\/h2>\t\t\t\t<\/div>\n\t\t\t\t<\/div>\n\t\t\t\t<div class=\"elementor-element elementor-element-6e38fba elementor-widget elementor-widget-text-editor\" data-id=\"6e38fba\" data-element_type=\"widget\" data-widget_type=\"text-editor.default\">\n\t\t\t\t<div class=\"elementor-widget-container\">\n\t\t\t\t\t\t\t\t\t<p>En PathYoga Integral encontrar\u00e1s distintos espacios de pr\u00e1ctica y acompa\u00f1amiento, pensados para responder a tus necesidades, tanto si est\u00e1s dando tus primeros pasos en el yoga como si deseas profundizar en tu camino.<\/p><p>Puedes unirte a nuestras clases grupales de Yoga Integral, donde te invito a reconectar contigo desde el cuerpo, la respiraci\u00f3n y la presencia. Estas sesiones est\u00e1n dise\u00f1adas con mucho cuidado para que cualquier persona \u2014independientemente de su experiencia\u2014 pueda sentirse c\u00f3moda, acompa\u00f1ada y en evoluci\u00f3n.<\/p><p>Trabajamos de forma integral, combinando posturas (asanas), respiraci\u00f3n consciente, relajaci\u00f3n profunda y meditaci\u00f3n.<br \/>M\u00e1s all\u00e1 de fortalecer el cuerpo y ganar flexibilidad, estas clases crean un espacio c\u00e1lido y seguro donde compartir, escucharte y crecer en comunidad.<\/p>\t\t\t\t\t\t\t\t<\/div>\n\t\t\t\t<\/div>\n\t\t\t\t<\/div>\n\t\t<div class=\"elementor-element elementor-element-1218d25 e-con-full e-flex e-con e-child\" data-id=\"1218d25\" data-element_type=\"container\">\n\t\t<div class=\"elementor-element elementor-element-7719942 e-con-full e-flex e-con e-child\" data-id=\"7719942\" data-element_type=\"container\" data-settings=\"{&quot;background_background&quot;:&quot;classic&quot;}\">\n\t\t\t\t<div class=\"elementor-element elementor-element-57ce449 elementor-widget elementor-widget-heading\" data-id=\"57ce449\" data-element_type=\"widget\" data-widget_type=\"heading.default\">\n\t\t\t\t<div class=\"elementor-widget-container\">\n\t\t\t\t\t<h2 class=\"elementor-heading-title elementor-size-default\">Beneficios<\/h2>\t\t\t\t<\/div>\n\t\t\t\t<\/div>\n\t\t\t\t<div class=\"elementor-element elementor-element-84425f6 elementor-widget elementor-widget-text-editor\" data-id=\"84425f6\" data-element_type=\"widget\" data-widget_type=\"text-editor.default\">\n\t\t\t\t<div class=\"elementor-widget-container\">\n\t\t\t\t\t\t\t\t\t<p>Mejora tu postura y flexibilidad<\/p>\t\t\t\t\t\t\t\t<\/div>\n\t\t\t\t<\/div>\n\t\t\t\t<div class=\"elementor-element elementor-element-7f300b6 elementor-widget elementor-widget-text-editor\" data-id=\"7f300b6\" data-element_type=\"widget\" data-widget_type=\"text-editor.default\">\n\t\t\t\t<div class=\"elementor-widget-container\">\n\t\t\t\t\t\t\t\t\t<p>Reduce el estr\u00e9s y la ansiedad<\/p>\t\t\t\t\t\t\t\t<\/div>\n\t\t\t\t<\/div>\n\t\t\t\t<div class=\"elementor-element elementor-element-fc8374c elementor-widget elementor-widget-text-editor\" data-id=\"fc8374c\" data-element_type=\"widget\" data-widget_type=\"text-editor.default\">\n\t\t\t\t<div class=\"elementor-widget-container\">\n\t\t\t\t\t\t\t\t\t<p>Aumenta tu energ\u00eda y vitalidad<\/p>\t\t\t\t\t\t\t\t<\/div>\n\t\t\t\t<\/div>\n\t\t\t\t<div class=\"elementor-element elementor-element-9c36c57 elementor-widget elementor-widget-text-editor\" data-id=\"9c36c57\" data-element_type=\"widget\" data-widget_type=\"text-editor.default\">\n\t\t\t\t<div class=\"elementor-widget-container\">\n\t\t\t\t\t\t\t\t\t<p>Fomenta la concentraci\u00f3n y claridad mental<\/p>\t\t\t\t\t\t\t\t<\/div>\n\t\t\t\t<\/div>\n\t\t\t\t<\/div>\n\t\t\t\t<\/div>\n\t\t\t\t\t<\/div>\n\t\t\t\t<\/div>\n\t\t\t\t<\/div>\n\t\t<div class=\"elementor-element elementor-element-e8b89f0 e-con-full e-flex e-con e-parent\" data-id=\"e8b89f0\" data-element_type=\"container\">\n\t\t<div class=\"elementor-element elementor-element-4fffeab e-flex e-con-boxed e-con e-child\" data-id=\"4fffeab\" data-element_type=\"container\" data-settings=\"{&quot;background_background&quot;:&quot;classic&quot;}\">\n\t\t\t\t\t<div class=\"e-con-inner\">\n\t\t\t\t<div class=\"elementor-element elementor-element-b538802 elementor-widget elementor-widget-image\" data-id=\"b538802\" data-element_type=\"widget\" data-widget_type=\"image.default\">\n\t\t\t\t<div class=\"elementor-widget-container\">\n\t\t\t\t\t\t\t\t\t\t\t\t\t\t\t<img loading=\"lazy\" decoding=\"async\" width=\"1920\" height=\"1020\" src=\"https:\/\/pathyogaintegral.com\/wp-content\/uploads\/2025\/09\/09-Clases-Grupales-1920px.jpg\" class=\"attachment-full size-full wp-image-101\" alt=\"Mujer practicando la postura de la cobra en clase de yoga integral\" srcset=\"https:\/\/pathyogaintegral.com\/wp-content\/uploads\/2025\/09\/09-Clases-Grupales-1920px.jpg 1920w, https:\/\/pathyogaintegral.com\/wp-content\/uploads\/2025\/09\/09-Clases-Grupales-1920px-300x159.jpg 300w, https:\/\/pathyogaintegral.com\/wp-content\/uploads\/2025\/09\/09-Clases-Grupales-1920px-1024x544.jpg 1024w, https:\/\/pathyogaintegral.com\/wp-content\/uploads\/2025\/09\/09-Clases-Grupales-1920px-768x408.jpg 768w, https:\/\/pathyogaintegral.com\/wp-content\/uploads\/2025\/09\/09-Clases-Grupales-1920px-1536x816.jpg 1536w\" sizes=\"(max-width: 1920px) 100vw, 1920px\" \/>\t\t\t\t\t\t\t\t\t\t\t\t\t\t\t<\/div>\n\t\t\t\t<\/div>\n\t\t\t\t\t<\/div>\n\t\t\t\t<\/div>\n\t\t\t\t<\/div>\n\t\t<div class=\"elementor-element elementor-element-3d1158a e-flex e-con-boxed e-con e-parent\" data-id=\"3d1158a\" data-element_type=\"container\">\n\t\t\t\t\t<div class=\"e-con-inner\">\n\t\t<div class=\"elementor-element elementor-element-64a4798 e-con-full e-flex e-con e-child\" data-id=\"64a4798\" data-element_type=\"container\">\n\t\t<div class=\"elementor-element elementor-element-94703dc e-con-full e-flex e-con e-child\" data-id=\"94703dc\" data-element_type=\"container\">\n\t\t\t\t<div class=\"elementor-element elementor-element-6f8a093 elementor-widget elementor-widget-heading\" data-id=\"6f8a093\" data-element_type=\"widget\" data-widget_type=\"heading.default\">\n\t\t\t\t<div class=\"elementor-widget-container\">\n\t\t\t\t\t<h2 class=\"elementor-heading-title elementor-size-default\">CLASES INDIVIDUALES\n<\/h2>\t\t\t\t<\/div>\n\t\t\t\t<\/div>\n\t\t\t\t<div class=\"elementor-element elementor-element-cb0d701 elementor-widget elementor-widget-text-editor\" data-id=\"cb0d701\" data-element_type=\"widget\" data-widget_type=\"text-editor.default\">\n\t\t\t\t<div class=\"elementor-widget-container\">\n\t\t\t\t\t\t\t\t\t<p>(en estudio o a domicilio)<\/p>\t\t\t\t\t\t\t\t<\/div>\n\t\t\t\t<\/div>\n\t\t\t\t<div class=\"elementor-element elementor-element-b733bea elementor-widget elementor-widget-heading\" data-id=\"b733bea\" data-element_type=\"widget\" data-widget_type=\"heading.default\">\n\t\t\t\t<div class=\"elementor-widget-container\">\n\t\t\t\t\t<h2 class=\"elementor-heading-title elementor-size-default\">Sesiones personalizadas\nque se adaptan a ti<\/h2>\t\t\t\t<\/div>\n\t\t\t\t<\/div>\n\t\t\t\t<div class=\"elementor-element elementor-element-dc2bd44 elementor-widget elementor-widget-text-editor\" data-id=\"dc2bd44\" data-element_type=\"widget\" data-widget_type=\"text-editor.default\">\n\t\t\t\t<div class=\"elementor-widget-container\">\n\t\t\t\t\t\t\t\t\t<p>Si lo que necesitas es una pr\u00e1ctica completamente a tu medida, las sesiones individuales pueden ser para ti.<\/p><p>Estas clases ofrecen una atenci\u00f3n \u00edntima y personalizada, ideal para quienes buscan avanzar a su propio ritmo, atender una necesidad concreta o simplemente regalarse un espacio m\u00e1s profundo de cuidado y conexi\u00f3n.<\/p><p>Podemos vernos en el estudio, en un entorno tranquilo y acogedor, o tambi\u00e9n en tu propio hogar, si prefieres mayor intimidad o comodidad.<br \/>Juntas\/os dise\u00f1aremos una pr\u00e1ctica adaptada a ti, que te ayude a fortalecer tu bienestar de manera integral y consciente.<\/p>\t\t\t\t\t\t\t\t<\/div>\n\t\t\t\t<\/div>\n\t\t\t\t<\/div>\n\t\t<div class=\"elementor-element elementor-element-54dc33c e-con-full e-flex e-con e-child\" data-id=\"54dc33c\" data-element_type=\"container\">\n\t\t<div class=\"elementor-element elementor-element-b470b47 e-con-full e-flex e-con e-child\" data-id=\"b470b47\" data-element_type=\"container\" data-settings=\"{&quot;background_background&quot;:&quot;classic&quot;}\">\n\t\t\t\t<div class=\"elementor-element elementor-element-f0ed8ae elementor-widget elementor-widget-heading\" data-id=\"f0ed8ae\" data-element_type=\"widget\" data-widget_type=\"heading.default\">\n\t\t\t\t<div class=\"elementor-widget-container\">\n\t\t\t\t\t<h2 class=\"elementor-heading-title elementor-size-default\">Beneficios<\/h2>\t\t\t\t<\/div>\n\t\t\t\t<\/div>\n\t\t\t\t<div class=\"elementor-element elementor-element-0b24f18 elementor-widget elementor-widget-text-editor\" data-id=\"0b24f18\" data-element_type=\"widget\" data-widget_type=\"text-editor.default\">\n\t\t\t\t<div class=\"elementor-widget-container\">\n\t\t\t\t\t\t\t\t\t<p>Atenci\u00f3n cercana y completamente personalizada<\/p>\t\t\t\t\t\t\t\t<\/div>\n\t\t\t\t<\/div>\n\t\t\t\t<div class=\"elementor-element elementor-element-e18d05a elementor-widget elementor-widget-text-editor\" data-id=\"e18d05a\" data-element_type=\"widget\" data-widget_type=\"text-editor.default\">\n\t\t\t\t<div class=\"elementor-widget-container\">\n\t\t\t\t\t\t\t\t\t<p>Adaptaci\u00f3n total a tu nivel, necesidades y objetivos<\/p>\t\t\t\t\t\t\t\t<\/div>\n\t\t\t\t<\/div>\n\t\t\t\t<div class=\"elementor-element elementor-element-89abaee elementor-widget elementor-widget-text-editor\" data-id=\"89abaee\" data-element_type=\"widget\" data-widget_type=\"text-editor.default\">\n\t\t\t\t<div class=\"elementor-widget-container\">\n\t\t\t\t\t\t\t\t\t<p>Flexibilidad de horarios y lugar<\/p>\t\t\t\t\t\t\t\t<\/div>\n\t\t\t\t<\/div>\n\t\t\t\t<div class=\"elementor-element elementor-element-d278d45 elementor-widget elementor-widget-text-editor\" data-id=\"d278d45\" data-element_type=\"widget\" data-widget_type=\"text-editor.default\">\n\t\t\t\t<div class=\"elementor-widget-container\">\n\t\t\t\t\t\t\t\t\t<p>Mayor profundidad y evoluci\u00f3n en tu pr\u00e1ctica<\/p>\t\t\t\t\t\t\t\t<\/div>\n\t\t\t\t<\/div>\n\t\t\t\t<\/div>\n\t\t\t\t<\/div>\n\t\t\t\t<\/div>\n\t\t\t\t\t<\/div>\n\t\t\t\t<\/div>\n\t\t<div class=\"elementor-element elementor-element-6b44d6d e-con-full e-flex e-con e-parent\" data-id=\"6b44d6d\" data-element_type=\"container\">\n\t\t<div class=\"elementor-element elementor-element-7091bfc e-flex e-con-boxed e-con e-child\" data-id=\"7091bfc\" data-element_type=\"container\" data-settings=\"{&quot;background_background&quot;:&quot;classic&quot;}\">\n\t\t\t\t\t<div class=\"e-con-inner\">\n\t\t\t\t<div class=\"elementor-element elementor-element-aeaec56 elementor-widget elementor-widget-image\" data-id=\"aeaec56\" data-element_type=\"widget\" data-widget_type=\"image.default\">\n\t\t\t\t<div class=\"elementor-widget-container\">\n\t\t\t\t\t\t\t\t\t\t\t\t\t\t\t<img loading=\"lazy\" decoding=\"async\" width=\"1920\" height=\"990\" src=\"https:\/\/pathyogaintegral.com\/wp-content\/uploads\/2025\/09\/10-Clases-Individuales-1920px.jpg\" class=\"attachment-full size-full wp-image-102\" alt=\"Instructora de yoga ayudando a alumna en la postura de la cobra.\" srcset=\"https:\/\/pathyogaintegral.com\/wp-content\/uploads\/2025\/09\/10-Clases-Individuales-1920px.jpg 1920w, https:\/\/pathyogaintegral.com\/wp-content\/uploads\/2025\/09\/10-Clases-Individuales-1920px-300x155.jpg 300w, https:\/\/pathyogaintegral.com\/wp-content\/uploads\/2025\/09\/10-Clases-Individuales-1920px-1024x528.jpg 1024w, https:\/\/pathyogaintegral.com\/wp-content\/uploads\/2025\/09\/10-Clases-Individuales-1920px-768x396.jpg 768w, https:\/\/pathyogaintegral.com\/wp-content\/uploads\/2025\/09\/10-Clases-Individuales-1920px-1536x792.jpg 1536w\" sizes=\"(max-width: 1920px) 100vw, 1920px\" \/>\t\t\t\t\t\t\t\t\t\t\t\t\t\t\t<\/div>\n\t\t\t\t<\/div>\n\t\t\t\t\t<\/div>\n\t\t\t\t<\/div>\n\t\t\t\t<\/div>\n\t\t<div class=\"elementor-element elementor-element-3261d84 e-flex e-con-boxed e-con e-parent\" data-id=\"3261d84\" data-element_type=\"container\">\n\t\t\t\t\t<div class=\"e-con-inner\">\n\t\t<div class=\"elementor-element elementor-element-c6cac7c e-con-full e-flex e-con e-child\" data-id=\"c6cac7c\" data-element_type=\"container\">\n\t\t\t\t<div class=\"elementor-element elementor-element-af26af8 elementor-widget elementor-widget-heading\" data-id=\"af26af8\" data-element_type=\"widget\" data-widget_type=\"heading.default\">\n\t\t\t\t<div class=\"elementor-widget-container\">\n\t\t\t\t\t<h2 class=\"elementor-heading-title elementor-size-default\">Programa para centros escolares<\/h2>\t\t\t\t<\/div>\n\t\t\t\t<\/div>\n\t\t\t\t<\/div>\n\t\t<div class=\"elementor-element elementor-element-6ebc986 e-flex e-con-boxed e-con e-child\" data-id=\"6ebc986\" data-element_type=\"container\">\n\t\t\t\t\t<div class=\"e-con-inner\">\n\t\t<div class=\"elementor-element elementor-element-7967ccf e-con-full e-flex e-con e-child\" data-id=\"7967ccf\" data-element_type=\"container\">\n\t\t\t\t<div class=\"elementor-element elementor-element-a6c6db6 elementor-widget elementor-widget-heading\" data-id=\"a6c6db6\" data-element_type=\"widget\" data-widget_type=\"heading.default\">\n\t\t\t\t<div class=\"elementor-widget-container\">\n\t\t\t\t\t<h2 class=\"elementor-heading-title elementor-size-default\">Yoga para Docentes\n<\/h2>\t\t\t\t<\/div>\n\t\t\t\t<\/div>\n\t\t\t\t<div class=\"elementor-element elementor-element-e4941e7 elementor-widget elementor-widget-heading\" data-id=\"e4941e7\" data-element_type=\"widget\" data-widget_type=\"heading.default\">\n\t\t\t\t<div class=\"elementor-widget-container\">\n\t\t\t\t\t<h2 class=\"elementor-heading-title elementor-size-default\">Cuidado y equilibrio para\nquienes cuidan y educan<\/h2>\t\t\t\t<\/div>\n\t\t\t\t<\/div>\n\t\t\t\t<div class=\"elementor-element elementor-element-2ea1c4d elementor-widget elementor-widget-text-editor\" data-id=\"2ea1c4d\" data-element_type=\"widget\" data-widget_type=\"text-editor.default\">\n\t\t\t\t<div class=\"elementor-widget-container\">\n\t\t\t\t\t\t\t\t\t<p>Sabemos que educar es una tarea valiosa, pero tambi\u00e9n exigente. Por eso, en PathYoga Integral ofrecemos clases especialmente pensadas para docentes: un espacio para pausar, respirar y recargar energ\u00edas.<\/p><p>Estas sesiones aportan herramientas sencillas y eficaces para gestionar el estr\u00e9s, mejorar la concentraci\u00f3n y cuidar el equilibrio entre la vida personal y profesional.<\/p><p>A trav\u00e9s de pr\u00e1cticas accesibles \u2014como la respiraci\u00f3n consciente, la relajaci\u00f3n y posturas suaves\u2014 ayudamos al profesorado a reconectar consigo mismo y recuperar el entusiasmo en su labor diaria.<\/p>\t\t\t\t\t\t\t\t<\/div>\n\t\t\t\t<\/div>\n\t\t\t\t<\/div>\n\t\t<div class=\"elementor-element elementor-element-e3d26e5 e-con-full e-flex e-con e-child\" data-id=\"e3d26e5\" data-element_type=\"container\" data-settings=\"{&quot;background_background&quot;:&quot;classic&quot;}\">\n\t\t\t\t<div class=\"elementor-element elementor-element-ba74b59 elementor-widget elementor-widget-image\" data-id=\"ba74b59\" data-element_type=\"widget\" data-widget_type=\"image.default\">\n\t\t\t\t<div class=\"elementor-widget-container\">\n\t\t\t\t\t\t\t\t\t\t\t\t\t\t\t<img loading=\"lazy\" decoding=\"async\" width=\"768\" height=\"637\" src=\"https:\/\/pathyogaintegral.com\/wp-content\/uploads\/2025\/09\/11-Clases-Docentes-768x637.jpg\" class=\"attachment-medium_large size-medium_large wp-image-103\" alt=\"Clase grupal de yoga itegral\" srcset=\"https:\/\/pathyogaintegral.com\/wp-content\/uploads\/2025\/09\/11-Clases-Docentes-768x637.jpg 768w, https:\/\/pathyogaintegral.com\/wp-content\/uploads\/2025\/09\/11-Clases-Docentes-300x249.jpg 300w, https:\/\/pathyogaintegral.com\/wp-content\/uploads\/2025\/09\/elementor\/thumbs\/11-Clases-Docentes-rb3vswe3n6tpzqlnqx3ygjvqroot9in29co8l7um5q.jpg 746w, https:\/\/pathyogaintegral.com\/wp-content\/uploads\/2025\/09\/11-Clases-Docentes.jpg 900w\" sizes=\"(max-width: 768px) 100vw, 768px\" \/>\t\t\t\t\t\t\t\t\t\t\t\t\t\t\t<\/div>\n\t\t\t\t<\/div>\n\t\t\t\t<\/div>\n\t\t\t\t\t<\/div>\n\t\t\t\t<\/div>\n\t\t<div class=\"elementor-element elementor-element-8730719 e-flex e-con-boxed e-con e-child\" data-id=\"8730719\" data-element_type=\"container\">\n\t\t\t\t\t<div class=\"e-con-inner\">\n\t\t<div class=\"elementor-element elementor-element-cb2d167 e-con-full e-flex e-con e-child\" data-id=\"cb2d167\" data-element_type=\"container\" data-settings=\"{&quot;background_background&quot;:&quot;classic&quot;}\">\n\t\t\t\t<div class=\"elementor-element elementor-element-15d2da4 elementor-widget elementor-widget-image\" data-id=\"15d2da4\" data-element_type=\"widget\" data-widget_type=\"image.default\">\n\t\t\t\t<div class=\"elementor-widget-container\">\n\t\t\t\t\t\t\t\t\t\t\t\t\t\t\t<img loading=\"lazy\" decoding=\"async\" width=\"800\" height=\"613\" src=\"https:\/\/pathyogaintegral.com\/wp-content\/uploads\/2025\/09\/12-Clases-Madres-Y-Padres.jpg\" class=\"attachment-large size-large wp-image-104\" alt=\"Clases grupales para madres y padres\" srcset=\"https:\/\/pathyogaintegral.com\/wp-content\/uploads\/2025\/09\/12-Clases-Madres-Y-Padres.jpg 900w, https:\/\/pathyogaintegral.com\/wp-content\/uploads\/2025\/09\/12-Clases-Madres-Y-Padres-300x230.jpg 300w, https:\/\/pathyogaintegral.com\/wp-content\/uploads\/2025\/09\/12-Clases-Madres-Y-Padres-768x589.jpg 768w\" sizes=\"(max-width: 800px) 100vw, 800px\" \/>\t\t\t\t\t\t\t\t\t\t\t\t\t\t\t<\/div>\n\t\t\t\t<\/div>\n\t\t\t\t<\/div>\n\t\t<div class=\"elementor-element elementor-element-bd8ab89 e-con-full e-flex e-con e-child\" data-id=\"bd8ab89\" data-element_type=\"container\">\n\t\t\t\t<div class=\"elementor-element elementor-element-f146659 elementor-widget elementor-widget-heading\" data-id=\"f146659\" data-element_type=\"widget\" data-widget_type=\"heading.default\">\n\t\t\t\t<div class=\"elementor-widget-container\">\n\t\t\t\t\t<h2 class=\"elementor-heading-title elementor-size-default\">Yoga para madres \ny padres del alumnado\n<\/h2>\t\t\t\t<\/div>\n\t\t\t\t<\/div>\n\t\t\t\t<div class=\"elementor-element elementor-element-5e576e2 elementor-widget elementor-widget-heading\" data-id=\"5e576e2\" data-element_type=\"widget\" data-widget_type=\"heading.default\">\n\t\t\t\t<div class=\"elementor-widget-container\">\n\t\t\t\t\t<h2 class=\"elementor-heading-title elementor-size-default\">Espacios para recargar \ny reconectar<\/h2>\t\t\t\t<\/div>\n\t\t\t\t<\/div>\n\t\t\t\t<div class=\"elementor-element elementor-element-ad999e0 elementor-widget elementor-widget-text-editor\" data-id=\"ad999e0\" data-element_type=\"widget\" data-widget_type=\"text-editor.default\">\n\t\t\t\t<div class=\"elementor-widget-container\">\n\t\t\t\t\t\t\t\t\t<p>Tambi\u00e9n pensamos en quienes acompa\u00f1an desde casa.<br \/>Ofrecemos sesiones especialmente dise\u00f1adas para madres y padres, en un ambiente acogedor y relajante, donde puedan soltar tensiones, bajar el ritmo y reencontrarse consigo mismos.<\/p><p>Estas pr\u00e1cticas ayudan a gestionar mejor el estr\u00e9s del d\u00eda a d\u00eda, favorecen el equilibrio emocional y abren la puerta a una comunicaci\u00f3n m\u00e1s fluida y armoniosa dentro de la familia.<\/p>\t\t\t\t\t\t\t\t<\/div>\n\t\t\t\t<\/div>\n\t\t\t\t<\/div>\n\t\t\t\t\t<\/div>\n\t\t\t\t<\/div>\n\t\t<div class=\"elementor-element elementor-element-3b21e12 e-flex e-con-boxed e-con e-child\" data-id=\"3b21e12\" data-element_type=\"container\">\n\t\t\t\t\t<div class=\"e-con-inner\">\n\t\t<div class=\"elementor-element elementor-element-96e935b e-con-full e-flex e-con e-child\" data-id=\"96e935b\" data-element_type=\"container\">\n\t\t\t\t<div class=\"elementor-element elementor-element-5d7b736 elementor-widget elementor-widget-heading\" data-id=\"5d7b736\" data-element_type=\"widget\" data-widget_type=\"heading.default\">\n\t\t\t\t<div class=\"elementor-widget-container\">\n\t\t\t\t\t<h2 class=\"elementor-heading-title elementor-size-default\">Yoga AULAS: \nFormaci\u00f3n para Docentes\n<\/h2>\t\t\t\t<\/div>\n\t\t\t\t<\/div>\n\t\t\t\t<div class=\"elementor-element elementor-element-0066039 elementor-widget elementor-widget-heading\" data-id=\"0066039\" data-element_type=\"widget\" data-widget_type=\"heading.default\">\n\t\t\t\t<div class=\"elementor-widget-container\">\n\t\t\t\t\t<h2 class=\"elementor-heading-title elementor-size-default\">Lleva el yoga a tus alumnos \nde forma sencilla y efectiva<\/h2>\t\t\t\t<\/div>\n\t\t\t\t<\/div>\n\t\t\t\t<div class=\"elementor-element elementor-element-74c9b05 elementor-widget elementor-widget-text-editor\" data-id=\"74c9b05\" data-element_type=\"widget\" data-widget_type=\"text-editor.default\">\n\t\t\t\t<div class=\"elementor-widget-container\">\n\t\t\t\t\t\t\t\t\t<p>Yoga AULAS es una formaci\u00f3n pr\u00e1ctica y vivencial pensada para docentes que quieren llevar herramientas de yoga y mindfulness al aula de una forma cercana, \u00fatil y realista.<\/p><p>A lo largo de las sesiones, compartimos recursos claros y f\u00e1ciles de aplicar, que ayudan a mejorar la atenci\u00f3n, la regulaci\u00f3n emocional y el bienestar del alumnado.<\/p><p>Todo ello favorece un ambiente educativo m\u00e1s tranquilo, respetuoso y con mejores condiciones para el aprendizaje.<\/p>\t\t\t\t\t\t\t\t<\/div>\n\t\t\t\t<\/div>\n\t\t\t\t<\/div>\n\t\t<div class=\"elementor-element elementor-element-3d0d929 e-con-full e-flex e-con e-child\" data-id=\"3d0d929\" data-element_type=\"container\" data-settings=\"{&quot;background_background&quot;:&quot;classic&quot;}\">\n\t\t\t\t<div class=\"elementor-element elementor-element-e09765c elementor-widget elementor-widget-image\" data-id=\"e09765c\" data-element_type=\"widget\" data-widget_type=\"image.default\">\n\t\t\t\t<div class=\"elementor-widget-container\">\n\t\t\t\t\t\t\t\t\t\t\t\t\t\t\t<img loading=\"lazy\" decoding=\"async\" width=\"800\" height=\"661\" src=\"https:\/\/pathyogaintegral.com\/wp-content\/uploads\/2025\/09\/13-Clases-Formacion.jpg\" class=\"attachment-large size-large wp-image-105\" alt=\"Calses de formaci\u00f3n para docentes\" srcset=\"https:\/\/pathyogaintegral.com\/wp-content\/uploads\/2025\/09\/13-Clases-Formacion.jpg 900w, https:\/\/pathyogaintegral.com\/wp-content\/uploads\/2025\/09\/13-Clases-Formacion-300x248.jpg 300w, https:\/\/pathyogaintegral.com\/wp-content\/uploads\/2025\/09\/13-Clases-Formacion-768x635.jpg 768w\" sizes=\"(max-width: 800px) 100vw, 800px\" \/>\t\t\t\t\t\t\t\t\t\t\t\t\t\t\t<\/div>\n\t\t\t\t<\/div>\n\t\t\t\t<\/div>\n\t\t\t\t\t<\/div>\n\t\t\t\t<\/div>\n\t\t\t\t\t<\/div>\n\t\t\t\t<\/div>\n\t\t<div class=\"elementor-element elementor-element-0e9fbd9 e-flex e-con-boxed e-con e-parent\" data-id=\"0e9fbd9\" data-element_type=\"container\">\n\t\t\t\t\t<div class=\"e-con-inner\">\n\t\t<div class=\"elementor-element elementor-element-b6018cb e-flex e-con-boxed e-con e-child\" data-id=\"b6018cb\" data-element_type=\"container\" data-settings=\"{&quot;background_background&quot;:&quot;classic&quot;}\">\n\t\t\t\t\t<div class=\"e-con-inner\">\n\t\t\t\t<div class=\"elementor-element elementor-element-2e15def elementor-widget elementor-widget-heading\" data-id=\"2e15def\" data-element_type=\"widget\" data-widget_type=\"heading.default\">\n\t\t\t\t<div class=\"elementor-widget-container\">\n\t\t\t\t\t<h2 class=\"elementor-heading-title elementor-size-default\">Beneficios<\/h2>\t\t\t\t<\/div>\n\t\t\t\t<\/div>\n\t\t\t\t<div class=\"elementor-element elementor-element-db6c768 elementor-widget elementor-widget-text-editor\" data-id=\"db6c768\" data-element_type=\"widget\" data-widget_type=\"text-editor.default\">\n\t\t\t\t<div class=\"elementor-widget-container\">\n\t\t\t\t\t\t\t\t\t<p>Reduce el estr\u00e9s en docentes, alumnado y familias<\/p>\t\t\t\t\t\t\t\t<\/div>\n\t\t\t\t<\/div>\n\t\t\t\t<div class=\"elementor-element elementor-element-58570e0 elementor-widget elementor-widget-text-editor\" data-id=\"58570e0\" data-element_type=\"widget\" data-widget_type=\"text-editor.default\">\n\t\t\t\t<div class=\"elementor-widget-container\">\n\t\t\t\t\t\t\t\t\t<p>Mejora la convivencia y la comunicaci\u00f3n en el aula<\/p>\t\t\t\t\t\t\t\t<\/div>\n\t\t\t\t<\/div>\n\t\t\t\t<div class=\"elementor-element elementor-element-fdd7e8f elementor-widget elementor-widget-text-editor\" data-id=\"fdd7e8f\" data-element_type=\"widget\" data-widget_type=\"text-editor.default\">\n\t\t\t\t<div class=\"elementor-widget-container\">\n\t\t\t\t\t\t\t\t\t<p>Aumenta la concentraci\u00f3n y el rendimiento escolar<\/p>\t\t\t\t\t\t\t\t<\/div>\n\t\t\t\t<\/div>\n\t\t\t\t<div class=\"elementor-element elementor-element-6309e38 elementor-widget elementor-widget-text-editor\" data-id=\"6309e38\" data-element_type=\"widget\" data-widget_type=\"text-editor.default\">\n\t\t\t\t<div class=\"elementor-widget-container\">\n\t\t\t\t\t\t\t\t\t<p>Promueve un entorno escolar m\u00e1s saludable y positivo<\/p>\t\t\t\t\t\t\t\t<\/div>\n\t\t\t\t<\/div>\n\t\t\t\t\t<\/div>\n\t\t\t\t<\/div>\n\t\t\t\t\t<\/div>\n\t\t\t\t<\/div>\n\t\t\t\t<\/div>\n\t\t","protected":false},"excerpt":{"rendered":"<p>Pathyoga integral Un camino de vuelta a ti Bienvenida\/o a PathYoga Integral. Este es un lugar donde parar, respirar y emprender un camino hacia dentro.Un camino que nutre cuerpo, mente y coraz\u00f3n, desde una pr\u00e1ctica consciente y respetuosa contigo. Honramos la tradici\u00f3n del Yoga Integral, adapt\u00e1ndola con sensibilidad a lo que necesitas en tu d\u00eda [&hellip;]<\/p>\n","protected":false},"author":2,"featured_media":0,"parent":0,"menu_order":0,"comment_status":"closed","ping_status":"closed","template":"elementor_header_footer","meta":{"footnotes":""},"class_list":["post-57","page","type-page","status-publish","hentry"],"_links":{"self":[{"href":"https:\/\/pathyogaintegral.com\/es\/wp-json\/wp\/v2\/pages\/57","targetHints":{"allow":["GET"]}}],"collection":[{"href":"https:\/\/pathyogaintegral.com\/es\/wp-json\/wp\/v2\/pages"}],"about":[{"href":"https:\/\/pathyogaintegral.com\/es\/wp-json\/wp\/v2\/types\/page"}],"author":[{"embeddable":true,"href":"https:\/\/pathyogaintegral.com\/es\/wp-json\/wp\/v2\/users\/2"}],"replies":[{"embeddable":true,"href":"https:\/\/pathyogaintegral.com\/es\/wp-json\/wp\/v2\/comments?post=57"}],"version-history":[{"count":445,"href":"https:\/\/pathyogaintegral.com\/es\/wp-json\/wp\/v2\/pages\/57\/revisions"}],"predecessor-version":[{"id":666,"href":"https:\/\/pathyogaintegral.com\/es\/wp-json\/wp\/v2\/pages\/57\/revisions\/666"}],"wp:attachment":[{"href":"https:\/\/pathyogaintegral.com\/es\/wp-json\/wp\/v2\/media?parent=57"}],"curies":[{"name":"wp","href":"https:\/\/api.w.org\/{rel}","templated":true}]}}